{"id":11153,"date":"2022-12-21T11:05:21","date_gmt":"2022-12-21T11:05:21","guid":{"rendered":"https:\/\/www.martinsdelima.com\/plan-de-sauvegarde-de-lemploi-dune-multinationale-des-medias\/"},"modified":"2026-02-08T20:03:44","modified_gmt":"2026-02-08T20:03:44","slug":"plan-de-sauvegarde-de-lemploi-dune-multinationale-des-medias","status":"publish","type":"page","link":"https:\/\/www.martinsdelima.com\/fr\/plan-de-sauvegarde-de-lemploi-dune-multinationale-des-medias\/","title":{"rendered":"Plan de sauvegarde de l\u2019emploi d\u2019une multinationale des m\u00e9dias"},"content":{"rendered":"\t\t<div data-elementor-type=\"wp-page\" data-elementor-id=\"11153\" class=\"elementor elementor-11153 elementor-1516\" data-elementor-post-type=\"page\">\n\t\t\t\t\t\t<section class=\"elementor-section elementor-top-section elementor-element elementor-element-5861a17 elementor-section-full_width elementor-section-stretched elementor-hidden-mobile elementor-section-height-default elementor-section-height-default\" data-id=\"5861a17\" data-element_type=\"section\" data-settings=\"{&quot;stretch_section&quot;:&quot;section-stretched&quot;,&quot;background_background&quot;:&quot;classic&quot;}\">\n\t\t\t\t\t\t<div class=\"elementor-container elementor-column-gap-default\">\n\t\t\t\t\t<div class=\"elementor-column elementor-col-100 elementor-top-column elementor-element elementor-element-ea42bdb\" data-id=\"ea42bdb\" data-element_type=\"column\">\n\t\t\t<div class=\"elementor-widget-wrap elementor-element-populated\">\n\t\t\t\t\t\t<div class=\"elementor-element elementor-element-8924fce elementor-widget elementor-widget-heading\" data-id=\"8924fce\" data-element_type=\"widget\" data-widget_type=\"heading.default\">\n\t\t\t\t<div class=\"elementor-widget-container\">\n\t\t\t\t\t<h2 class=\"elementor-heading-title elementor-size-default\">Droit du travail<\/h2>\t\t\t\t<\/div>\n\t\t\t\t<\/div>\n\t\t\t\t\t<\/div>\n\t\t<\/div>\n\t\t\t\t\t<\/div>\n\t\t<\/section>\n\t\t\t\t<section class=\"elementor-section elementor-top-section elementor-element elementor-element-8eebf58 elementor-section-boxed elementor-section-height-default elementor-section-height-default\" data-id=\"8eebf58\" data-element_type=\"section\">\n\t\t\t\t\t\t<div class=\"elementor-container elementor-column-gap-default\">\n\t\t\t\t\t<div class=\"elementor-column elementor-col-100 elementor-top-column elementor-element elementor-element-beeb457\" data-id=\"beeb457\" data-element_type=\"column\">\n\t\t\t<div class=\"elementor-widget-wrap elementor-element-populated\">\n\t\t\t\t\t\t<div class=\"elementor-element elementor-element-dfca6c9 elementor-widget elementor-widget-spacer\" data-id=\"dfca6c9\" data-element_type=\"widget\" data-widget_type=\"spacer.default\">\n\t\t\t\t<div class=\"elementor-widget-container\">\n\t\t\t\t\t\t\t<div class=\"elementor-spacer\">\n\t\t\t<div class=\"elementor-spacer-inner\"><\/div>\n\t\t<\/div>\n\t\t\t\t\t\t<\/div>\n\t\t\t\t<\/div>\n\t\t\t\t\t<\/div>\n\t\t<\/div>\n\t\t\t\t\t<\/div>\n\t\t<\/section>\n\t\t\t\t<section class=\"elementor-section elementor-top-section elementor-element elementor-element-ee6a325 elementor-section-boxed elementor-section-height-default elementor-section-height-default\" data-id=\"ee6a325\" data-element_type=\"section\">\n\t\t\t\t\t\t<div class=\"elementor-container elementor-column-gap-default\">\n\t\t\t\t\t<div class=\"elementor-column elementor-col-100 elementor-top-column elementor-element elementor-element-10774c8\" data-id=\"10774c8\" data-element_type=\"column\" data-settings=\"{&quot;background_background&quot;:&quot;classic&quot;}\">\n\t\t\t<div class=\"elementor-widget-wrap elementor-element-populated\">\n\t\t\t\t\t\t<div class=\"elementor-element elementor-element-8864d6c elementor-widget elementor-widget-heading\" data-id=\"8864d6c\" data-element_type=\"widget\" data-widget_type=\"heading.default\">\n\t\t\t\t<div class=\"elementor-widget-container\">\n\t\t\t\t\t<h4 class=\"elementor-heading-title elementor-size-default\">Plan de sauvegarde de l\u2019emploi d\u2019une multinationale des m\u00e9dias<\/h4>\t\t\t\t<\/div>\n\t\t\t\t<\/div>\n\t\t\t\t\t<\/div>\n\t\t<\/div>\n\t\t\t\t\t<\/div>\n\t\t<\/section>\n\t\t\t\t<section class=\"elementor-section elementor-top-section elementor-element elementor-element-9dff6a0 elementor-section-boxed elementor-section-height-default elementor-section-height-default\" data-id=\"9dff6a0\" data-element_type=\"section\">\n\t\t\t\t\t\t<div class=\"elementor-container elementor-column-gap-default\">\n\t\t\t\t\t<div class=\"elementor-column elementor-col-66 elementor-top-column elementor-element elementor-element-c3e38d1\" data-id=\"c3e38d1\" data-element_type=\"column\">\n\t\t\t<div class=\"elementor-widget-wrap elementor-element-populated\">\n\t\t\t\t\t\t<div class=\"elementor-element elementor-element-78fa56c elementor-widget elementor-widget-text-editor\" data-id=\"78fa56c\" data-element_type=\"widget\" data-widget_type=\"text-editor.default\">\n\t\t\t\t<div class=\"elementor-widget-container\">\n\t\t\t\t\t\t\t\t\t<p><span>Il est bien connu que le secteur de la presse \u00e9crite a subi ce qui est probablement sa plus grande transformation de toute son histoire, en raison de l&rsquo;arriv\u00e9e de la num\u00e9risation. Les magazines, les journaux et autres publications ont \u00e9t\u00e9 contraints de prendre une d\u00e9cision : se r\u00e9inventer ou mourir. <\/span><\/p>\n<p><span>C&rsquo;est pourquoi, lorsque l&rsquo;un des plus grands groupes d&rsquo;\u00e9dition multinationaux s&rsquo;est adress\u00e9 \u00e0 nous, son objectif \u00e9tait tr\u00e8s clair. Le client souhaitait un changement organisationnel qui lui permette de s&rsquo;adapter aux nouvelles tendances du march\u00e9, tant nationales qu&rsquo;internationales. <\/span><\/p>\n<p><span>Le groupe cherchait \u00e0 adapter son personnel \u00e0 ce nouveau changement. Le mouvement \u00e9tait double : r\u00e9duire le personnel de la presse \u00e9crite et, en m\u00eame temps, se lancer \u00e0 la recherche de nouveaux profils pour se d\u00e9velopper dans la presse num\u00e9rique. <\/span><\/p>\n<p><span>Chez <b>martinsdelima<\/b>, nous avons analys\u00e9 le secteur de mani\u00e8re d\u00e9taill\u00e9e, en \u00e9tudiant ce qui s&rsquo;\u00e9tait pass\u00e9, ce qui se passait et toutes les pr\u00e9visions selon diff\u00e9rents experts du secteur.<\/span><\/p>\n<p><span>Nous avons ensuite \u00e9tudi\u00e9 en d\u00e9tail les profils existants dans l&rsquo;entreprise et les nouveaux qui seraient n\u00e9cessaires. Nous avons d\u00e9limit\u00e9 une structure et un dimensionnement de l&rsquo;entreprise adapt\u00e9s \u00e0 la situation actuelle et \u00e0 la situation progressivement pr\u00e9vue. <\/span><\/p>\n<p><span>Le groupe poursuit aujourd&rsquo;hui sa course vers la communication num\u00e9rique,<\/span> avec une structure adapt\u00e9e \u00e0 la fois \u00e0 ses objectifs strat\u00e9giques de transformation et \u00e0 la nouvelle situation sectorielle.<\/p>\t\t\t\t\t\t\t\t<\/div>\n\t\t\t\t<\/div>\n\t\t\t\t<div class=\"elementor-element elementor-element-3f5026e elementor-widget elementor-widget-button\" data-id=\"3f5026e\" data-element_type=\"widget\" data-widget_type=\"button.default\">\n\t\t\t\t<div class=\"elementor-widget-container\">\n\t\t\t\t\t\t\t\t\t<div class=\"elementor-button-wrapper\">\n\t\t\t\t\t<a class=\"elementor-button elementor-button-link elementor-size-sm\" href=\"http:\/\/www.martinsdelima.com\/casos-practicos\/\">\n\t\t\t\t\t\t<span class=\"elementor-button-content-wrapper\">\n\t\t\t\t\t\t\t\t\t<span class=\"elementor-button-text\">Retour<\/span>\n\t\t\t\t\t<\/span>\n\t\t\t\t\t<\/a>\n\t\t\t\t<\/div>\n\t\t\t\t\t\t\t\t<\/div>\n\t\t\t\t<\/div>\n\t\t\t\t<div class=\"elementor-element elementor-element-9f7a996 elementor-widget elementor-widget-spacer\" data-id=\"9f7a996\" data-element_type=\"widget\" data-widget_type=\"spacer.default\">\n\t\t\t\t<div class=\"elementor-widget-container\">\n\t\t\t\t\t\t\t<div class=\"elementor-spacer\">\n\t\t\t<div class=\"elementor-spacer-inner\"><\/div>\n\t\t<\/div>\n\t\t\t\t\t\t<\/div>\n\t\t\t\t<\/div>\n\t\t\t\t\t<\/div>\n\t\t<\/div>\n\t\t\t\t<div class=\"elementor-column elementor-col-33 elementor-top-column elementor-element elementor-element-ce12777\" data-id=\"ce12777\" data-element_type=\"column\">\n\t\t\t<div class=\"elementor-widget-wrap elementor-element-populated\">\n\t\t\t\t\t\t<div class=\"elementor-element elementor-element-45348b0 elementor-position-top elementor-widget elementor-widget-image-box\" data-id=\"45348b0\" data-element_type=\"widget\" data-widget_type=\"image-box.default\">\n\t\t\t\t<div class=\"elementor-widget-container\">\n\t\t\t\t\t<div class=\"elementor-image-box-wrapper\"><figure class=\"elementor-image-box-img\"><img data-opt-id=78962723  fetchpriority=\"high\" decoding=\"async\" width=\"400\" height=\"434\" src=\"https:\/\/mligy6wbr5rs.i.optimole.com\/w:400\/h:434\/q:mauto\/f:best\/https:\/\/www.martinsdelima.com\/wp-content\/uploads\/2022\/12\/Camino.jpg\" class=\"elementor-animation-grow attachment-full size-full wp-image-11149\" alt=\"\" srcset=\"https:\/\/mligy6wbr5rs.i.optimole.com\/w:400\/h:434\/q:mauto\/f:best\/https:\/\/www.martinsdelima.com\/wp-content\/uploads\/2022\/12\/Camino.jpg 400w, https:\/\/mligy6wbr5rs.i.optimole.com\/w:276\/h:300\/q:mauto\/f:best\/https:\/\/www.martinsdelima.com\/wp-content\/uploads\/2022\/12\/Camino.jpg 276w\" sizes=\"(max-width: 400px) 100vw, 400px\" \/><\/figure><div class=\"elementor-image-box-content\"><h3 class=\"elementor-image-box-title\">Usue Camino Basurco<\/h3><p class=\"elementor-image-box-description\">Consultante<\/p><\/div><\/div>\t\t\t\t<\/div>\n\t\t\t\t<\/div>\n\t\t\t\t<div class=\"elementor-element elementor-element-708795b elementor-position-left elementor-view-default elementor-mobile-position-top elementor-widget elementor-widget-icon-box\" data-id=\"708795b\" data-element_type=\"widget\" data-widget_type=\"icon-box.default\">\n\t\t\t\t<div class=\"elementor-widget-container\">\n\t\t\t\t\t\t\t<div class=\"elementor-icon-box-wrapper\">\n\n\t\t\t\t\t\t<div class=\"elementor-icon-box-icon\">\n\t\t\t\t<a href=\"mailto:usue.camino@martinsdelima.com\u200b\" class=\"elementor-icon\" tabindex=\"-1\">\n\t\t\t\t<i aria-hidden=\"true\" class=\"far fa-envelope\"><\/i>\t\t\t\t<\/a>\n\t\t\t<\/div>\n\t\t\t\n\t\t\t\t\t\t<div class=\"elementor-icon-box-content\">\n\n\t\t\t\t\n\t\t\t\t\t\t\t\t\t<p class=\"elementor-icon-box-description\">\n\t\t\t\t\t\tusue.camino@martinsdelima.com\t\t\t\t\t<\/p>\n\t\t\t\t\n\t\t\t<\/div>\n\t\t\t\n\t\t<\/div>\n\t\t\t\t\t\t<\/div>\n\t\t\t\t<\/div>\n\t\t\t\t\t<\/div>\n\t\t<\/div>\n\t\t\t\t\t<\/div>\n\t\t<\/section>\n\t\t\t\t<section class=\"elementor-section elementor-top-section elementor-element elementor-element-9886ff9 elementor-section-boxed elementor-section-height-default elementor-section-height-default\" data-id=\"9886ff9\" data-element_type=\"section\">\n\t\t\t\t\t\t<div class=\"elementor-container elementor-column-gap-default\">\n\t\t\t\t\t<div class=\"elementor-column elementor-col-100 elementor-top-column elementor-element elementor-element-56207a8\" data-id=\"56207a8\" data-element_type=\"column\">\n\t\t\t<div class=\"elementor-widget-wrap elementor-element-populated\">\n\t\t\t\t\t\t<div class=\"elementor-element elementor-element-7adba2c elementor-widget elementor-widget-spacer\" data-id=\"7adba2c\" data-element_type=\"widget\" data-widget_type=\"spacer.default\">\n\t\t\t\t<div class=\"elementor-widget-container\">\n\t\t\t\t\t\t\t<div class=\"elementor-spacer\">\n\t\t\t<div class=\"elementor-spacer-inner\"><\/div>\n\t\t<\/div>\n\t\t\t\t\t\t<\/div>\n\t\t\t\t<\/div>\n\t\t\t\t\t<\/div>\n\t\t<\/div>\n\t\t\t\t\t<\/div>\n\t\t<\/section>\n\t\t\t\t<section class=\"elementor-section elementor-top-section elementor-element elementor-element-2a136018 elementor-section-boxed elementor-section-height-default elementor-section-height-default\" data-id=\"2a136018\" data-element_type=\"section\" data-settings=\"{&quot;background_background&quot;:&quot;slideshow&quot;,&quot;background_slideshow_gallery&quot;:[],&quot;background_slideshow_loop&quot;:&quot;yes&quot;,&quot;background_slideshow_slide_duration&quot;:5000,&quot;background_slideshow_slide_transition&quot;:&quot;fade&quot;,&quot;background_slideshow_transition_duration&quot;:500}\">\n\t\t\t\t\t\t\t<div class=\"elementor-background-overlay\"><\/div>\n\t\t\t\t\t\t\t<div class=\"elementor-container elementor-column-gap-default\">\n\t\t\t\t\t<div class=\"elementor-column elementor-col-100 elementor-top-column elementor-element elementor-element-450fb496\" data-id=\"450fb496\" data-element_type=\"column\">\n\t\t\t<div class=\"elementor-widget-wrap elementor-element-populated\">\n\t\t\t\t\t\t<div class=\"elementor-element elementor-element-6c9982b1 elementor-widget elementor-widget-heading\" data-id=\"6c9982b1\" data-element_type=\"widget\" data-widget_type=\"heading.default\">\n\t\t\t\t<div class=\"elementor-widget-container\">\n\t\t\t\t\t<h2 class=\"elementor-heading-title elementor-size-default\">Notre contact<\/h2>\t\t\t\t<\/div>\n\t\t\t\t<\/div>\n\t\t\t\t<div class=\"elementor-element elementor-element-10d72f47 elementor-widget elementor-widget-image\" data-id=\"10d72f47\" data-element_type=\"widget\" data-widget_type=\"image.default\">\n\t\t\t\t<div class=\"elementor-widget-container\">\n\t\t\t\t\t\t\t\t\t\t\t\t\t\t\t<img data-opt-id=1355229102  fetchpriority=\"high\" decoding=\"async\" width=\"34\" height=\"34\" src=\"https:\/\/mligy6wbr5rs.i.optimole.com\/w:34\/h:34\/q:mauto\/f:best\/dpr:2\/https:\/\/www.martinsdelima.com\/wp-content\/uploads\/2022\/09\/rombo_r.png\" class=\"attachment-large size-large wp-image-10634\" alt=\"Martinsdelima\" \/>\t\t\t\t\t\t\t\t\t\t\t\t\t\t\t<\/div>\n\t\t\t\t<\/div>\n\t\t\t\t<div class=\"elementor-element elementor-element-1960154b elementor-widget elementor-widget-text-editor\" data-id=\"1960154b\" data-element_type=\"widget\" data-widget_type=\"text-editor.default\">\n\t\t\t\t<div class=\"elementor-widget-container\">\n\t\t\t\t\t\t\t\t\t<p>Chez <strong>martinsdelima<\/strong>, nous pouvons vous aider&nbsp;!<\/p>\t\t\t\t\t\t\t\t<\/div>\n\t\t\t\t<\/div>\n\t\t\t\t<div class=\"elementor-element elementor-element-700770dc elementor-align-center elementor-widget elementor-widget-button\" data-id=\"700770dc\" data-element_type=\"widget\" data-widget_type=\"button.default\">\n\t\t\t\t<div class=\"elementor-widget-container\">\n\t\t\t\t\t\t\t\t\t<div class=\"elementor-button-wrapper\">\n\t\t\t\t\t<a class=\"elementor-button elementor-button-link elementor-size-sm\" href=\"http:\/\/www.martinsdelima.com\/contacto\">\n\t\t\t\t\t\t<span class=\"elementor-button-content-wrapper\">\n\t\t\t\t\t\t\t\t\t<span class=\"elementor-button-text\">Voir plus<\/span>\n\t\t\t\t\t<\/span>\n\t\t\t\t\t<\/a>\n\t\t\t\t<\/div>\n\t\t\t\t\t\t\t\t<\/div>\n\t\t\t\t<\/div>\n\t\t\t\t\t<\/div>\n\t\t<\/div>\n\t\t\t\t\t<\/div>\n\t\t<\/section>\n\t\t\t\t<\/div>\n\t\t","protected":false},"excerpt":{"rendered":"<p>Droit du travail Plan de sauvegarde de l\u2019emploi d\u2019une multinationale des m\u00e9dias Il est bien connu que le secteur de la presse \u00e9crite a subi ce qui est probablement sa plus grande transformation de toute son histoire, en raison de l&rsquo;arriv\u00e9e de la num\u00e9risation. Les magazines, les journaux et autres [&hellip;]<\/p>\n","protected":false},"author":1,"featured_media":0,"parent":0,"menu_order":0,"comment_status":"closed","ping_status":"closed","template":"page-templates\/template-pagebuilder-full-width.php","meta":{"footnotes":""},"class_list":["post-11153","page","type-page","status-publish","hentry"],"yoast_head":"<!-- This site is optimized with the Yoast SEO plugin v26.4 - https:\/\/yoast.com\/wordpress\/plugins\/seo\/ -->\n<title>Plan de sauvegarde de l\u2019emploi d\u2019une multinationale des m\u00e9dias - Martinsdelima<\/title>\n<meta name=\"robots\" content=\"index, follow, max-snippet:-1, max-image-preview:large, max-video-preview:-1\" \/>\n<link rel=\"canonical\" href=\"https:\/\/www.martinsdelima.com\/fr\/plan-de-sauvegarde-de-lemploi-dune-multinationale-des-medias\/\" \/>\n<meta property=\"og:locale\" content=\"fr_FR\" \/>\n<meta property=\"og:type\" content=\"article\" \/>\n<meta property=\"og:title\" content=\"Plan de sauvegarde de l\u2019emploi d\u2019une multinationale des m\u00e9dias - Martinsdelima\" \/>\n<meta property=\"og:description\" content=\"Droit du travail Plan de sauvegarde de l\u2019emploi d\u2019une multinationale des m\u00e9dias Il est bien connu que le secteur de la presse \u00e9crite a subi ce qui est probablement sa plus grande transformation de toute son histoire, en raison de l&rsquo;arriv\u00e9e de la num\u00e9risation. Les magazines, les journaux et autres [&hellip;]\" \/>\n<meta property=\"og:url\" content=\"https:\/\/www.martinsdelima.com\/fr\/plan-de-sauvegarde-de-lemploi-dune-multinationale-des-medias\/\" \/>\n<meta property=\"og:site_name\" content=\"Martinsdelima\" \/>\n<meta property=\"article:modified_time\" content=\"2026-02-08T20:03:44+00:00\" \/>\n<meta property=\"og:image\" content=\"https:\/\/mligy6wbr5rs.i.optimole.com\/w:auto\/h:auto\/q:mauto\/f:best\/https:\/\/www.martinsdelima.com\/wp-content\/uploads\/2022\/12\/Camino.jpg\" \/>\n\t<meta property=\"og:image:width\" content=\"400\" \/>\n\t<meta property=\"og:image:height\" content=\"434\" \/>\n\t<meta property=\"og:image:type\" content=\"image\/jpeg\" \/>\n<meta name=\"twitter:card\" content=\"summary_large_image\" \/>\n<meta name=\"twitter:label1\" content=\"Dur\u00e9e de lecture estim\u00e9e\" \/>\n\t<meta name=\"twitter:data1\" content=\"1 minute\" \/>\n<script type=\"application\/ld+json\" class=\"yoast-schema-graph\">{\"@context\":\"https:\/\/schema.org\",\"@graph\":[{\"@type\":\"WebPage\",\"@id\":\"https:\/\/www.martinsdelima.com\/fr\/plan-de-sauvegarde-de-lemploi-dune-multinationale-des-medias\/\",\"url\":\"https:\/\/www.martinsdelima.com\/fr\/plan-de-sauvegarde-de-lemploi-dune-multinationale-des-medias\/\",\"name\":\"Plan de sauvegarde de l\u2019emploi d\u2019une multinationale des m\u00e9dias - Martinsdelima\",\"isPartOf\":{\"@id\":\"https:\/\/www.martinsdelima.com\/fr\/#website\"},\"primaryImageOfPage\":{\"@id\":\"https:\/\/www.martinsdelima.com\/fr\/plan-de-sauvegarde-de-lemploi-dune-multinationale-des-medias\/#primaryimage\"},\"image\":{\"@id\":\"https:\/\/www.martinsdelima.com\/fr\/plan-de-sauvegarde-de-lemploi-dune-multinationale-des-medias\/#primaryimage\"},\"thumbnailUrl\":\"https:\/\/mligy6wbr5rs.i.optimole.com\/w:auto\/h:auto\/q:mauto\/f:best\/https:\/\/www.martinsdelima.com\/wp-content\/uploads\/2022\/12\/Camino.jpg\",\"datePublished\":\"2022-12-21T11:05:21+00:00\",\"dateModified\":\"2026-02-08T20:03:44+00:00\",\"breadcrumb\":{\"@id\":\"https:\/\/www.martinsdelima.com\/fr\/plan-de-sauvegarde-de-lemploi-dune-multinationale-des-medias\/#breadcrumb\"},\"inLanguage\":\"fr-FR\",\"potentialAction\":[{\"@type\":\"ReadAction\",\"target\":[\"https:\/\/www.martinsdelima.com\/fr\/plan-de-sauvegarde-de-lemploi-dune-multinationale-des-medias\/\"]}]},{\"@type\":\"ImageObject\",\"inLanguage\":\"fr-FR\",\"@id\":\"https:\/\/www.martinsdelima.com\/fr\/plan-de-sauvegarde-de-lemploi-dune-multinationale-des-medias\/#primaryimage\",\"url\":\"https:\/\/mligy6wbr5rs.i.optimole.com\/w:auto\/h:auto\/q:mauto\/f:best\/https:\/\/www.martinsdelima.com\/wp-content\/uploads\/2022\/12\/Camino.jpg\",\"contentUrl\":\"https:\/\/mligy6wbr5rs.i.optimole.com\/w:auto\/h:auto\/q:mauto\/f:best\/https:\/\/www.martinsdelima.com\/wp-content\/uploads\/2022\/12\/Camino.jpg\"},{\"@type\":\"BreadcrumbList\",\"@id\":\"https:\/\/www.martinsdelima.com\/fr\/plan-de-sauvegarde-de-lemploi-dune-multinationale-des-medias\/#breadcrumb\",\"itemListElement\":[{\"@type\":\"ListItem\",\"position\":1,\"name\":\"Page d'accueil\",\"item\":\"https:\/\/www.martinsdelima.com\/fr\/accueil\/\"},{\"@type\":\"ListItem\",\"position\":2,\"name\":\"Plan de sauvegarde de l\u2019emploi d\u2019une multinationale des m\u00e9dias\"}]},{\"@type\":\"WebSite\",\"@id\":\"https:\/\/www.martinsdelima.com\/fr\/#website\",\"url\":\"https:\/\/www.martinsdelima.com\/fr\/\",\"name\":\"Martinsdelima\",\"description\":\"Forensic&amp;Finance\",\"publisher\":{\"@id\":\"https:\/\/www.martinsdelima.com\/fr\/#organization\"},\"potentialAction\":[{\"@type\":\"SearchAction\",\"target\":{\"@type\":\"EntryPoint\",\"urlTemplate\":\"https:\/\/www.martinsdelima.com\/fr\/?s={search_term_string}\"},\"query-input\":{\"@type\":\"PropertyValueSpecification\",\"valueRequired\":true,\"valueName\":\"search_term_string\"}}],\"inLanguage\":\"fr-FR\"},{\"@type\":\"Organization\",\"@id\":\"https:\/\/www.martinsdelima.com\/fr\/#organization\",\"name\":\"Martinsdelima\",\"url\":\"https:\/\/www.martinsdelima.com\/fr\/\",\"logo\":{\"@type\":\"ImageObject\",\"inLanguage\":\"fr-FR\",\"@id\":\"https:\/\/www.martinsdelima.com\/fr\/#\/schema\/logo\/image\/\",\"url\":\"https:\/\/mligy6wbr5rs.i.optimole.com\/w:auto\/h:auto\/q:mauto\/f:best\/https:\/\/www.martinsdelima.com\/wp-content\/uploads\/2025\/10\/martinsdelima-letras-claras-horizontal.png\",\"contentUrl\":\"https:\/\/mligy6wbr5rs.i.optimole.com\/w:auto\/h:auto\/q:mauto\/f:best\/https:\/\/www.martinsdelima.com\/wp-content\/uploads\/2025\/10\/martinsdelima-letras-claras-horizontal.png\",\"width\":1315,\"height\":217,\"caption\":\"Martinsdelima\"},\"image\":{\"@id\":\"https:\/\/www.martinsdelima.com\/fr\/#\/schema\/logo\/image\/\"}}]}<\/script>\n<!-- \/ Yoast SEO plugin. -->","yoast_head_json":{"title":"Plan de sauvegarde de l\u2019emploi d\u2019une multinationale des m\u00e9dias - Martinsdelima","robots":{"index":"index","follow":"follow","max-snippet":"max-snippet:-1","max-image-preview":"max-image-preview:large","max-video-preview":"max-video-preview:-1"},"canonical":"https:\/\/www.martinsdelima.com\/fr\/plan-de-sauvegarde-de-lemploi-dune-multinationale-des-medias\/","og_locale":"fr_FR","og_type":"article","og_title":"Plan de sauvegarde de l\u2019emploi d\u2019une multinationale des m\u00e9dias - Martinsdelima","og_description":"Droit du travail Plan de sauvegarde de l\u2019emploi d\u2019une multinationale des m\u00e9dias Il est bien connu que le secteur de la presse \u00e9crite a subi ce qui est probablement sa plus grande transformation de toute son histoire, en raison de l&rsquo;arriv\u00e9e de la num\u00e9risation. Les magazines, les journaux et autres [&hellip;]","og_url":"https:\/\/www.martinsdelima.com\/fr\/plan-de-sauvegarde-de-lemploi-dune-multinationale-des-medias\/","og_site_name":"Martinsdelima","article_modified_time":"2026-02-08T20:03:44+00:00","og_image":[{"width":400,"height":434,"url":"https:\/\/mligy6wbr5rs.i.optimole.com\/w:auto\/h:auto\/q:mauto\/f:best\/https:\/\/www.martinsdelima.com\/wp-content\/uploads\/2022\/12\/Camino.jpg","type":"image\/jpeg"}],"twitter_card":"summary_large_image","twitter_misc":{"Dur\u00e9e de lecture estim\u00e9e":"1 minute"},"schema":{"@context":"https:\/\/schema.org","@graph":[{"@type":"WebPage","@id":"https:\/\/www.martinsdelima.com\/fr\/plan-de-sauvegarde-de-lemploi-dune-multinationale-des-medias\/","url":"https:\/\/www.martinsdelima.com\/fr\/plan-de-sauvegarde-de-lemploi-dune-multinationale-des-medias\/","name":"Plan de sauvegarde de l\u2019emploi d\u2019une multinationale des m\u00e9dias - Martinsdelima","isPartOf":{"@id":"https:\/\/www.martinsdelima.com\/fr\/#website"},"primaryImageOfPage":{"@id":"https:\/\/www.martinsdelima.com\/fr\/plan-de-sauvegarde-de-lemploi-dune-multinationale-des-medias\/#primaryimage"},"image":{"@id":"https:\/\/www.martinsdelima.com\/fr\/plan-de-sauvegarde-de-lemploi-dune-multinationale-des-medias\/#primaryimage"},"thumbnailUrl":"https:\/\/mligy6wbr5rs.i.optimole.com\/w:auto\/h:auto\/q:mauto\/f:best\/https:\/\/www.martinsdelima.com\/wp-content\/uploads\/2022\/12\/Camino.jpg","datePublished":"2022-12-21T11:05:21+00:00","dateModified":"2026-02-08T20:03:44+00:00","breadcrumb":{"@id":"https:\/\/www.martinsdelima.com\/fr\/plan-de-sauvegarde-de-lemploi-dune-multinationale-des-medias\/#breadcrumb"},"inLanguage":"fr-FR","potentialAction":[{"@type":"ReadAction","target":["https:\/\/www.martinsdelima.com\/fr\/plan-de-sauvegarde-de-lemploi-dune-multinationale-des-medias\/"]}]},{"@type":"ImageObject","inLanguage":"fr-FR","@id":"https:\/\/www.martinsdelima.com\/fr\/plan-de-sauvegarde-de-lemploi-dune-multinationale-des-medias\/#primaryimage","url":"https:\/\/mligy6wbr5rs.i.optimole.com\/w:auto\/h:auto\/q:mauto\/f:best\/https:\/\/www.martinsdelima.com\/wp-content\/uploads\/2022\/12\/Camino.jpg","contentUrl":"https:\/\/mligy6wbr5rs.i.optimole.com\/w:auto\/h:auto\/q:mauto\/f:best\/https:\/\/www.martinsdelima.com\/wp-content\/uploads\/2022\/12\/Camino.jpg"},{"@type":"BreadcrumbList","@id":"https:\/\/www.martinsdelima.com\/fr\/plan-de-sauvegarde-de-lemploi-dune-multinationale-des-medias\/#breadcrumb","itemListElement":[{"@type":"ListItem","position":1,"name":"Page d'accueil","item":"https:\/\/www.martinsdelima.com\/fr\/accueil\/"},{"@type":"ListItem","position":2,"name":"Plan de sauvegarde de l\u2019emploi d\u2019une multinationale des m\u00e9dias"}]},{"@type":"WebSite","@id":"https:\/\/www.martinsdelima.com\/fr\/#website","url":"https:\/\/www.martinsdelima.com\/fr\/","name":"Martinsdelima","description":"Forensic&amp;Finance","publisher":{"@id":"https:\/\/www.martinsdelima.com\/fr\/#organization"},"potentialAction":[{"@type":"SearchAction","target":{"@type":"EntryPoint","urlTemplate":"https:\/\/www.martinsdelima.com\/fr\/?s={search_term_string}"},"query-input":{"@type":"PropertyValueSpecification","valueRequired":true,"valueName":"search_term_string"}}],"inLanguage":"fr-FR"},{"@type":"Organization","@id":"https:\/\/www.martinsdelima.com\/fr\/#organization","name":"Martinsdelima","url":"https:\/\/www.martinsdelima.com\/fr\/","logo":{"@type":"ImageObject","inLanguage":"fr-FR","@id":"https:\/\/www.martinsdelima.com\/fr\/#\/schema\/logo\/image\/","url":"https:\/\/mligy6wbr5rs.i.optimole.com\/w:auto\/h:auto\/q:mauto\/f:best\/https:\/\/www.martinsdelima.com\/wp-content\/uploads\/2025\/10\/martinsdelima-letras-claras-horizontal.png","contentUrl":"https:\/\/mligy6wbr5rs.i.optimole.com\/w:auto\/h:auto\/q:mauto\/f:best\/https:\/\/www.martinsdelima.com\/wp-content\/uploads\/2025\/10\/martinsdelima-letras-claras-horizontal.png","width":1315,"height":217,"caption":"Martinsdelima"},"image":{"@id":"https:\/\/www.martinsdelima.com\/fr\/#\/schema\/logo\/image\/"}}]}},"_links":{"self":[{"href":"https:\/\/www.martinsdelima.com\/fr\/wp-json\/wp\/v2\/pages\/11153","targetHints":{"allow":["GET"]}}],"collection":[{"href":"https:\/\/www.martinsdelima.com\/fr\/wp-json\/wp\/v2\/pages"}],"about":[{"href":"https:\/\/www.martinsdelima.com\/fr\/wp-json\/wp\/v2\/types\/page"}],"author":[{"embeddable":true,"href":"https:\/\/www.martinsdelima.com\/fr\/wp-json\/wp\/v2\/users\/1"}],"replies":[{"embeddable":true,"href":"https:\/\/www.martinsdelima.com\/fr\/wp-json\/wp\/v2\/comments?post=11153"}],"version-history":[{"count":2,"href":"https:\/\/www.martinsdelima.com\/fr\/wp-json\/wp\/v2\/pages\/11153\/revisions"}],"predecessor-version":[{"id":11163,"href":"https:\/\/www.martinsdelima.com\/fr\/wp-json\/wp\/v2\/pages\/11153\/revisions\/11163"}],"wp:attachment":[{"href":"https:\/\/www.martinsdelima.com\/fr\/wp-json\/wp\/v2\/media?parent=11153"}],"curies":[{"name":"wp","href":"https:\/\/api.w.org\/{rel}","templated":true}]}}