{"id":11168,"date":"2022-12-21T11:08:24","date_gmt":"2022-12-21T11:08:24","guid":{"rendered":"https:\/\/www.martinsdelima.com\/plan-de-restructuration-de-lemploi-pour-raisons-economiques-de-production-ou-dorganisation\/"},"modified":"2026-02-08T20:03:44","modified_gmt":"2026-02-08T20:03:44","slug":"plan-de-restructuration-de-lemploi-pour-raisons-economiques-de-production-ou-dorganisation","status":"publish","type":"page","link":"https:\/\/www.martinsdelima.com\/fr\/plan-de-restructuration-de-lemploi-pour-raisons-economiques-de-production-ou-dorganisation\/","title":{"rendered":"Plan de restructuration de l\u2019emploi pour raisons \u00e9conomiques, de production ou d\u2019organisation"},"content":{"rendered":"\t\t<div data-elementor-type=\"wp-page\" data-elementor-id=\"11168\" class=\"elementor elementor-11168 elementor-1533\" data-elementor-post-type=\"page\">\n\t\t\t\t\t\t<section class=\"elementor-section elementor-top-section elementor-element elementor-element-5861a17 elementor-section-full_width elementor-section-stretched elementor-hidden-mobile elementor-section-height-default elementor-section-height-default\" data-id=\"5861a17\" data-element_type=\"section\" data-settings=\"{&quot;stretch_section&quot;:&quot;section-stretched&quot;,&quot;background_background&quot;:&quot;classic&quot;}\">\n\t\t\t\t\t\t<div class=\"elementor-container elementor-column-gap-default\">\n\t\t\t\t\t<div class=\"elementor-column elementor-col-100 elementor-top-column elementor-element elementor-element-ea42bdb\" data-id=\"ea42bdb\" data-element_type=\"column\">\n\t\t\t<div class=\"elementor-widget-wrap elementor-element-populated\">\n\t\t\t\t\t\t<div class=\"elementor-element elementor-element-8924fce elementor-widget elementor-widget-heading\" data-id=\"8924fce\" data-element_type=\"widget\" data-widget_type=\"heading.default\">\n\t\t\t\t<div class=\"elementor-widget-container\">\n\t\t\t\t\t<h2 class=\"elementor-heading-title elementor-size-default\">Droit du travail<\/h2>\t\t\t\t<\/div>\n\t\t\t\t<\/div>\n\t\t\t\t\t<\/div>\n\t\t<\/div>\n\t\t\t\t\t<\/div>\n\t\t<\/section>\n\t\t\t\t<section class=\"elementor-section elementor-top-section elementor-element elementor-element-8eebf58 elementor-section-boxed elementor-section-height-default elementor-section-height-default\" data-id=\"8eebf58\" data-element_type=\"section\">\n\t\t\t\t\t\t<div class=\"elementor-container elementor-column-gap-default\">\n\t\t\t\t\t<div class=\"elementor-column elementor-col-100 elementor-top-column elementor-element elementor-element-beeb457\" data-id=\"beeb457\" data-element_type=\"column\">\n\t\t\t<div class=\"elementor-widget-wrap elementor-element-populated\">\n\t\t\t\t\t\t<div class=\"elementor-element elementor-element-dfca6c9 elementor-widget elementor-widget-spacer\" data-id=\"dfca6c9\" data-element_type=\"widget\" data-widget_type=\"spacer.default\">\n\t\t\t\t<div class=\"elementor-widget-container\">\n\t\t\t\t\t\t\t<div class=\"elementor-spacer\">\n\t\t\t<div class=\"elementor-spacer-inner\"><\/div>\n\t\t<\/div>\n\t\t\t\t\t\t<\/div>\n\t\t\t\t<\/div>\n\t\t\t\t\t<\/div>\n\t\t<\/div>\n\t\t\t\t\t<\/div>\n\t\t<\/section>\n\t\t\t\t<section class=\"elementor-section elementor-top-section elementor-element elementor-element-ee6a325 elementor-section-boxed elementor-section-height-default elementor-section-height-default\" data-id=\"ee6a325\" data-element_type=\"section\">\n\t\t\t\t\t\t<div class=\"elementor-container elementor-column-gap-default\">\n\t\t\t\t\t<div class=\"elementor-column elementor-col-100 elementor-top-column elementor-element elementor-element-10774c8\" data-id=\"10774c8\" data-element_type=\"column\" data-settings=\"{&quot;background_background&quot;:&quot;classic&quot;}\">\n\t\t\t<div class=\"elementor-widget-wrap elementor-element-populated\">\n\t\t\t\t\t\t<div class=\"elementor-element elementor-element-8864d6c elementor-widget elementor-widget-heading\" data-id=\"8864d6c\" data-element_type=\"widget\" data-widget_type=\"heading.default\">\n\t\t\t\t<div class=\"elementor-widget-container\">\n\t\t\t\t\t<h4 class=\"elementor-heading-title elementor-size-default\">Proc\u00e9dure de licenciement collectif pour causes \u00e9conomiques, productives ou organisationnelles<\/h4>\t\t\t\t<\/div>\n\t\t\t\t<\/div>\n\t\t\t\t\t<\/div>\n\t\t<\/div>\n\t\t\t\t\t<\/div>\n\t\t<\/section>\n\t\t\t\t<section class=\"elementor-section elementor-top-section elementor-element elementor-element-9dff6a0 elementor-section-boxed elementor-section-height-default elementor-section-height-default\" data-id=\"9dff6a0\" data-element_type=\"section\">\n\t\t\t\t\t\t<div class=\"elementor-container elementor-column-gap-default\">\n\t\t\t\t\t<div class=\"elementor-column elementor-col-66 elementor-top-column elementor-element elementor-element-c3e38d1\" data-id=\"c3e38d1\" data-element_type=\"column\">\n\t\t\t<div class=\"elementor-widget-wrap elementor-element-populated\">\n\t\t\t\t\t\t<div class=\"elementor-element elementor-element-78fa56c elementor-widget elementor-widget-text-editor\" data-id=\"78fa56c\" data-element_type=\"widget\" data-widget_type=\"text-editor.default\">\n\t\t\t\t<div class=\"elementor-widget-container\">\n\t\t\t\t\t\t\t\t\t<p>Une multinationale espagnole souhaitait optimiser la structure de l\u2019emploi de l\u2019une de ses usines les plus importantes. Il a \u00e9t\u00e9 d\u00e9cid\u00e9 d\u2019\u00e9tudier la possibilit\u00e9 de r\u00e9aliser un plan de restructuration de l\u2019emploi pour raisons \u00e9conomiques, de production ou d\u2019organisation. <\/p><p>Bien que les relations de travail soient tr\u00e8s bien g\u00e9r\u00e9es par le biais des canaux officiels et non officiels, la mise en \u0153uvre d\u2019un plan de restructuration de l\u2019emploi pour des centaines de personnes exige que tous les aspects soient parfaitement pris en compte.<\/p><p>Nous avons d\u2019abord \u00e9tudi\u00e9 les causes \u00e9conomiques, ainsi que les causes li\u00e9es \u00e0 la production. Bien que les deux soient tr\u00e8s claires, la cause li\u00e9e \u00e0 la production a permis de d\u00e9limiter parfaitement la cause et l\u2019incidence. Pour cette raison, nous avons \u00e9cart\u00e9 l\u2019utilisation des causes \u00e9conomiques et techniques.  <\/p><p>Nous avons \u00e9tudi\u00e9 chaque secteur et chaque d\u00e9partement, afin d\u2019identifier les parties de l\u2019organisation qui pr\u00e9sentaient des redondances. Ensuite, nous avons \u00e9tudi\u00e9 chaque redondance afin d\u2019identifier finalement les postes susceptibles d\u2019\u00eatre supprim\u00e9s. <\/p><p>Nous avons confront\u00e9 cette \u00e9tude pr\u00e9alable avec diff\u00e9rents secteurs de l\u2019entreprise, tant commerciaux que de soutien. Et enfin, en coordination avec la direction juridique, nous avons tenu des r\u00e9unions avec les syndicats pour exposer l\u2019\u00e9tude et le plan cons\u00e9quent que nous avions r\u00e9alis\u00e9. <\/p><p>Peu de temps apr\u00e8s, le plan de restructuration de l\u2019emploi a \u00e9t\u00e9 ex\u00e9cut\u00e9 comme pr\u00e9vu, sans probl\u00e8mes majeurs.<\/p>\t\t\t\t\t\t\t\t<\/div>\n\t\t\t\t<\/div>\n\t\t\t\t<div class=\"elementor-element elementor-element-3f5026e elementor-widget elementor-widget-button\" data-id=\"3f5026e\" data-element_type=\"widget\" data-widget_type=\"button.default\">\n\t\t\t\t<div class=\"elementor-widget-container\">\n\t\t\t\t\t\t\t\t\t<div class=\"elementor-button-wrapper\">\n\t\t\t\t\t<a class=\"elementor-button elementor-button-link elementor-size-sm\" href=\"http:\/\/www.martinsdelima.com\/casos-practicos\/\">\n\t\t\t\t\t\t<span class=\"elementor-button-content-wrapper\">\n\t\t\t\t\t\t\t\t\t<span class=\"elementor-button-text\">Retour<\/span>\n\t\t\t\t\t<\/span>\n\t\t\t\t\t<\/a>\n\t\t\t\t<\/div>\n\t\t\t\t\t\t\t\t<\/div>\n\t\t\t\t<\/div>\n\t\t\t\t<div class=\"elementor-element elementor-element-9f7a996 elementor-widget elementor-widget-spacer\" data-id=\"9f7a996\" data-element_type=\"widget\" data-widget_type=\"spacer.default\">\n\t\t\t\t<div class=\"elementor-widget-container\">\n\t\t\t\t\t\t\t<div class=\"elementor-spacer\">\n\t\t\t<div class=\"elementor-spacer-inner\"><\/div>\n\t\t<\/div>\n\t\t\t\t\t\t<\/div>\n\t\t\t\t<\/div>\n\t\t\t\t\t<\/div>\n\t\t<\/div>\n\t\t\t\t<div class=\"elementor-column elementor-col-33 elementor-top-column elementor-element elementor-element-ce12777\" data-id=\"ce12777\" data-element_type=\"column\">\n\t\t\t<div class=\"elementor-widget-wrap elementor-element-populated\">\n\t\t\t\t\t\t<div class=\"elementor-element elementor-element-45348b0 elementor-position-top elementor-widget elementor-widget-image-box\" data-id=\"45348b0\" data-element_type=\"widget\" data-widget_type=\"image-box.default\">\n\t\t\t\t<div class=\"elementor-widget-container\">\n\t\t\t\t\t<div class=\"elementor-image-box-wrapper\"><figure class=\"elementor-image-box-img\"><img data-opt-id=1864220582  fetchpriority=\"high\" decoding=\"async\" width=\"400\" height=\"400\" src=\"https:\/\/mligy6wbr5rs.i.optimole.com\/w:400\/h:400\/q:mauto\/f:best\/https:\/\/www.martinsdelima.com\/wp-content\/uploads\/2022\/10\/Jimenez-e1762285992880.jpg\" class=\"elementor-animation-grow attachment-full size-full wp-image-11124\" alt=\"\" srcset=\"https:\/\/mligy6wbr5rs.i.optimole.com\/w:400\/h:400\/q:mauto\/f:best\/https:\/\/www.martinsdelima.com\/wp-content\/uploads\/2022\/10\/Jimenez-e1762285992880.jpg 400w, https:\/\/mligy6wbr5rs.i.optimole.com\/w:300\/h:300\/q:mauto\/f:best\/https:\/\/www.martinsdelima.com\/wp-content\/uploads\/2022\/10\/Jimenez-e1762285992880.jpg 300w, https:\/\/mligy6wbr5rs.i.optimole.com\/w:150\/h:150\/q:mauto\/f:best\/https:\/\/www.martinsdelima.com\/wp-content\/uploads\/2022\/10\/Jimenez-e1762285992880.jpg 150w\" sizes=\"(max-width: 400px) 100vw, 400px\" \/><\/figure><div class=\"elementor-image-box-content\"><h3 class=\"elementor-image-box-title\">M\u00f3nica Jim\u00e9nez S\u00e1nchez<\/h3><p class=\"elementor-image-box-description\">Consultante s\u00e9nior<\/p><\/div><\/div>\t\t\t\t<\/div>\n\t\t\t\t<\/div>\n\t\t\t\t<div class=\"elementor-element elementor-element-708795b elementor-position-left elementor-view-default elementor-mobile-position-top elementor-widget elementor-widget-icon-box\" data-id=\"708795b\" data-element_type=\"widget\" data-widget_type=\"icon-box.default\">\n\t\t\t\t<div class=\"elementor-widget-container\">\n\t\t\t\t\t\t\t<div class=\"elementor-icon-box-wrapper\">\n\n\t\t\t\t\t\t<div class=\"elementor-icon-box-icon\">\n\t\t\t\t<a href=\"mailto:monica.jimenez@martinsdelima.com\" class=\"elementor-icon\" tabindex=\"-1\">\n\t\t\t\t<i aria-hidden=\"true\" class=\"far fa-envelope\"><\/i>\t\t\t\t<\/a>\n\t\t\t<\/div>\n\t\t\t\n\t\t\t\t\t\t<div class=\"elementor-icon-box-content\">\n\n\t\t\t\t\n\t\t\t\t\t\t\t\t\t<p class=\"elementor-icon-box-description\">\n\t\t\t\t\t\tmonica.jimenez@martinsdelima.com\t\t\t\t\t<\/p>\n\t\t\t\t\n\t\t\t<\/div>\n\t\t\t\n\t\t<\/div>\n\t\t\t\t\t\t<\/div>\n\t\t\t\t<\/div>\n\t\t\t\t\t<\/div>\n\t\t<\/div>\n\t\t\t\t\t<\/div>\n\t\t<\/section>\n\t\t\t\t<section class=\"elementor-section elementor-top-section elementor-element elementor-element-9886ff9 elementor-section-boxed elementor-section-height-default elementor-section-height-default\" data-id=\"9886ff9\" data-element_type=\"section\">\n\t\t\t\t\t\t<div class=\"elementor-container elementor-column-gap-default\">\n\t\t\t\t\t<div class=\"elementor-column elementor-col-100 elementor-top-column elementor-element elementor-element-56207a8\" data-id=\"56207a8\" data-element_type=\"column\">\n\t\t\t<div class=\"elementor-widget-wrap elementor-element-populated\">\n\t\t\t\t\t\t<div class=\"elementor-element elementor-element-7adba2c elementor-widget elementor-widget-spacer\" data-id=\"7adba2c\" data-element_type=\"widget\" data-widget_type=\"spacer.default\">\n\t\t\t\t<div class=\"elementor-widget-container\">\n\t\t\t\t\t\t\t<div class=\"elementor-spacer\">\n\t\t\t<div class=\"elementor-spacer-inner\"><\/div>\n\t\t<\/div>\n\t\t\t\t\t\t<\/div>\n\t\t\t\t<\/div>\n\t\t\t\t\t<\/div>\n\t\t<\/div>\n\t\t\t\t\t<\/div>\n\t\t<\/section>\n\t\t\t\t<section class=\"elementor-section elementor-top-section elementor-element elementor-element-2a136018 elementor-section-boxed elementor-section-height-default elementor-section-height-default\" data-id=\"2a136018\" data-element_type=\"section\" data-settings=\"{&quot;background_background&quot;:&quot;slideshow&quot;,&quot;background_slideshow_gallery&quot;:[],&quot;background_slideshow_loop&quot;:&quot;yes&quot;,&quot;background_slideshow_slide_duration&quot;:5000,&quot;background_slideshow_slide_transition&quot;:&quot;fade&quot;,&quot;background_slideshow_transition_duration&quot;:500}\">\n\t\t\t\t\t\t\t<div class=\"elementor-background-overlay\"><\/div>\n\t\t\t\t\t\t\t<div class=\"elementor-container elementor-column-gap-default\">\n\t\t\t\t\t<div class=\"elementor-column elementor-col-100 elementor-top-column elementor-element elementor-element-450fb496\" data-id=\"450fb496\" data-element_type=\"column\">\n\t\t\t<div class=\"elementor-widget-wrap elementor-element-populated\">\n\t\t\t\t\t\t<div class=\"elementor-element elementor-element-6c9982b1 elementor-widget elementor-widget-heading\" data-id=\"6c9982b1\" data-element_type=\"widget\" data-widget_type=\"heading.default\">\n\t\t\t\t<div class=\"elementor-widget-container\">\n\t\t\t\t\t<h2 class=\"elementor-heading-title elementor-size-default\">Notre contact<\/h2>\t\t\t\t<\/div>\n\t\t\t\t<\/div>\n\t\t\t\t<div class=\"elementor-element elementor-element-10d72f47 elementor-widget elementor-widget-image\" data-id=\"10d72f47\" data-element_type=\"widget\" data-widget_type=\"image.default\">\n\t\t\t\t<div class=\"elementor-widget-container\">\n\t\t\t\t\t\t\t\t\t\t\t\t\t\t\t<img data-opt-id=1355229102  fetchpriority=\"high\" decoding=\"async\" width=\"34\" height=\"34\" src=\"https:\/\/mligy6wbr5rs.i.optimole.com\/w:34\/h:34\/q:mauto\/f:best\/dpr:2\/https:\/\/www.martinsdelima.com\/wp-content\/uploads\/2022\/09\/rombo_r.png\" class=\"attachment-large size-large wp-image-10634\" alt=\"Martinsdelima\" \/>\t\t\t\t\t\t\t\t\t\t\t\t\t\t\t<\/div>\n\t\t\t\t<\/div>\n\t\t\t\t<div class=\"elementor-element elementor-element-1960154b elementor-widget elementor-widget-text-editor\" data-id=\"1960154b\" data-element_type=\"widget\" data-widget_type=\"text-editor.default\">\n\t\t\t\t<div class=\"elementor-widget-container\">\n\t\t\t\t\t\t\t\t\t<p>Chez <strong>martinsdelima<\/strong>, nous pouvons vous aider&nbsp;!<\/p>\t\t\t\t\t\t\t\t<\/div>\n\t\t\t\t<\/div>\n\t\t\t\t<div class=\"elementor-element elementor-element-700770dc elementor-align-center elementor-widget elementor-widget-button\" data-id=\"700770dc\" data-element_type=\"widget\" data-widget_type=\"button.default\">\n\t\t\t\t<div class=\"elementor-widget-container\">\n\t\t\t\t\t\t\t\t\t<div class=\"elementor-button-wrapper\">\n\t\t\t\t\t<a class=\"elementor-button elementor-button-link elementor-size-sm\" href=\"http:\/\/www.martinsdelima.com\/contacto\/\">\n\t\t\t\t\t\t<span class=\"elementor-button-content-wrapper\">\n\t\t\t\t\t\t\t\t\t<span class=\"elementor-button-text\">Voir plus<\/span>\n\t\t\t\t\t<\/span>\n\t\t\t\t\t<\/a>\n\t\t\t\t<\/div>\n\t\t\t\t\t\t\t\t<\/div>\n\t\t\t\t<\/div>\n\t\t\t\t\t<\/div>\n\t\t<\/div>\n\t\t\t\t\t<\/div>\n\t\t<\/section>\n\t\t\t\t<\/div>\n\t\t","protected":false},"excerpt":{"rendered":"<p>Droit du travail Proc\u00e9dure de licenciement collectif pour causes \u00e9conomiques, productives ou organisationnelles Une multinationale espagnole souhaitait optimiser la structure de l\u2019emploi de l\u2019une de ses usines les plus importantes. Il a \u00e9t\u00e9 d\u00e9cid\u00e9 d\u2019\u00e9tudier la possibilit\u00e9 de r\u00e9aliser un plan de restructuration de l\u2019emploi pour raisons \u00e9conomiques, de production [&hellip;]<\/p>\n","protected":false},"author":1,"featured_media":0,"parent":0,"menu_order":0,"comment_status":"closed","ping_status":"closed","template":"page-templates\/template-pagebuilder-full-width.php","meta":{"footnotes":""},"class_list":["post-11168","page","type-page","status-publish","hentry"],"yoast_head":"<!-- This site is optimized with the Yoast SEO plugin v26.4 - https:\/\/yoast.com\/wordpress\/plugins\/seo\/ -->\n<title>Plan de restructuration de l\u2019emploi pour raisons \u00e9conomiques, de production ou d\u2019organisation - Martinsdelima<\/title>\n<meta name=\"robots\" content=\"index, follow, max-snippet:-1, max-image-preview:large, max-video-preview:-1\" \/>\n<link rel=\"canonical\" href=\"https:\/\/www.martinsdelima.com\/fr\/plan-de-restructuration-de-lemploi-pour-raisons-economiques-de-production-ou-dorganisation\/\" \/>\n<meta property=\"og:locale\" content=\"fr_FR\" \/>\n<meta property=\"og:type\" content=\"article\" \/>\n<meta property=\"og:title\" content=\"Plan de restructuration de l\u2019emploi pour raisons \u00e9conomiques, de production ou d\u2019organisation - Martinsdelima\" \/>\n<meta property=\"og:description\" content=\"Droit du travail Proc\u00e9dure de licenciement collectif pour causes \u00e9conomiques, productives ou organisationnelles Une multinationale espagnole souhaitait optimiser la structure de l\u2019emploi de l\u2019une de ses usines les plus importantes. Il a \u00e9t\u00e9 d\u00e9cid\u00e9 d\u2019\u00e9tudier la possibilit\u00e9 de r\u00e9aliser un plan de restructuration de l\u2019emploi pour raisons \u00e9conomiques, de production [&hellip;]\" \/>\n<meta property=\"og:url\" content=\"https:\/\/www.martinsdelima.com\/fr\/plan-de-restructuration-de-lemploi-pour-raisons-economiques-de-production-ou-dorganisation\/\" \/>\n<meta property=\"og:site_name\" content=\"Martinsdelima\" \/>\n<meta property=\"article:modified_time\" content=\"2026-02-08T20:03:44+00:00\" \/>\n<meta property=\"og:image\" content=\"https:\/\/mligy6wbr5rs.i.optimole.com\/w:auto\/h:auto\/q:mauto\/f:best\/https:\/\/www.martinsdelima.com\/wp-content\/uploads\/2022\/10\/Jimenez-e1762285992880.jpg\" \/>\n\t<meta property=\"og:image:width\" content=\"400\" \/>\n\t<meta property=\"og:image:height\" content=\"400\" \/>\n\t<meta property=\"og:image:type\" content=\"image\/jpeg\" \/>\n<meta name=\"twitter:card\" content=\"summary_large_image\" \/>\n<meta name=\"twitter:label1\" content=\"Dur\u00e9e de lecture estim\u00e9e\" \/>\n\t<meta name=\"twitter:data1\" content=\"1 minute\" \/>\n<script type=\"application\/ld+json\" class=\"yoast-schema-graph\">{\"@context\":\"https:\/\/schema.org\",\"@graph\":[{\"@type\":\"WebPage\",\"@id\":\"https:\/\/www.martinsdelima.com\/fr\/plan-de-restructuration-de-lemploi-pour-raisons-economiques-de-production-ou-dorganisation\/\",\"url\":\"https:\/\/www.martinsdelima.com\/fr\/plan-de-restructuration-de-lemploi-pour-raisons-economiques-de-production-ou-dorganisation\/\",\"name\":\"Plan de restructuration de l\u2019emploi pour raisons \u00e9conomiques, de production ou d\u2019organisation - Martinsdelima\",\"isPartOf\":{\"@id\":\"https:\/\/www.martinsdelima.com\/fr\/#website\"},\"primaryImageOfPage\":{\"@id\":\"https:\/\/www.martinsdelima.com\/fr\/plan-de-restructuration-de-lemploi-pour-raisons-economiques-de-production-ou-dorganisation\/#primaryimage\"},\"image\":{\"@id\":\"https:\/\/www.martinsdelima.com\/fr\/plan-de-restructuration-de-lemploi-pour-raisons-economiques-de-production-ou-dorganisation\/#primaryimage\"},\"thumbnailUrl\":\"https:\/\/mligy6wbr5rs.i.optimole.com\/w:auto\/h:auto\/q:mauto\/f:best\/https:\/\/www.martinsdelima.com\/wp-content\/uploads\/2022\/10\/Jimenez-e1762285992880.jpg\",\"datePublished\":\"2022-12-21T11:08:24+00:00\",\"dateModified\":\"2026-02-08T20:03:44+00:00\",\"breadcrumb\":{\"@id\":\"https:\/\/www.martinsdelima.com\/fr\/plan-de-restructuration-de-lemploi-pour-raisons-economiques-de-production-ou-dorganisation\/#breadcrumb\"},\"inLanguage\":\"fr-FR\",\"potentialAction\":[{\"@type\":\"ReadAction\",\"target\":[\"https:\/\/www.martinsdelima.com\/fr\/plan-de-restructuration-de-lemploi-pour-raisons-economiques-de-production-ou-dorganisation\/\"]}]},{\"@type\":\"ImageObject\",\"inLanguage\":\"fr-FR\",\"@id\":\"https:\/\/www.martinsdelima.com\/fr\/plan-de-restructuration-de-lemploi-pour-raisons-economiques-de-production-ou-dorganisation\/#primaryimage\",\"url\":\"https:\/\/mligy6wbr5rs.i.optimole.com\/w:auto\/h:auto\/q:mauto\/f:best\/https:\/\/www.martinsdelima.com\/wp-content\/uploads\/2022\/10\/Jimenez-e1762285992880.jpg\",\"contentUrl\":\"https:\/\/mligy6wbr5rs.i.optimole.com\/w:auto\/h:auto\/q:mauto\/f:best\/https:\/\/www.martinsdelima.com\/wp-content\/uploads\/2022\/10\/Jimenez-e1762285992880.jpg\"},{\"@type\":\"BreadcrumbList\",\"@id\":\"https:\/\/www.martinsdelima.com\/fr\/plan-de-restructuration-de-lemploi-pour-raisons-economiques-de-production-ou-dorganisation\/#breadcrumb\",\"itemListElement\":[{\"@type\":\"ListItem\",\"position\":1,\"name\":\"Page d'accueil\",\"item\":\"https:\/\/www.martinsdelima.com\/fr\/accueil\/\"},{\"@type\":\"ListItem\",\"position\":2,\"name\":\"Plan de restructuration de l\u2019emploi pour raisons \u00e9conomiques, de production ou d\u2019organisation\"}]},{\"@type\":\"WebSite\",\"@id\":\"https:\/\/www.martinsdelima.com\/fr\/#website\",\"url\":\"https:\/\/www.martinsdelima.com\/fr\/\",\"name\":\"Martinsdelima\",\"description\":\"Forensic&amp;Finance\",\"publisher\":{\"@id\":\"https:\/\/www.martinsdelima.com\/fr\/#organization\"},\"potentialAction\":[{\"@type\":\"SearchAction\",\"target\":{\"@type\":\"EntryPoint\",\"urlTemplate\":\"https:\/\/www.martinsdelima.com\/fr\/?s={search_term_string}\"},\"query-input\":{\"@type\":\"PropertyValueSpecification\",\"valueRequired\":true,\"valueName\":\"search_term_string\"}}],\"inLanguage\":\"fr-FR\"},{\"@type\":\"Organization\",\"@id\":\"https:\/\/www.martinsdelima.com\/fr\/#organization\",\"name\":\"Martinsdelima\",\"url\":\"https:\/\/www.martinsdelima.com\/fr\/\",\"logo\":{\"@type\":\"ImageObject\",\"inLanguage\":\"fr-FR\",\"@id\":\"https:\/\/www.martinsdelima.com\/fr\/#\/schema\/logo\/image\/\",\"url\":\"https:\/\/mligy6wbr5rs.i.optimole.com\/w:auto\/h:auto\/q:mauto\/f:best\/https:\/\/www.martinsdelima.com\/wp-content\/uploads\/2025\/10\/martinsdelima-letras-claras-horizontal.png\",\"contentUrl\":\"https:\/\/mligy6wbr5rs.i.optimole.com\/w:auto\/h:auto\/q:mauto\/f:best\/https:\/\/www.martinsdelima.com\/wp-content\/uploads\/2025\/10\/martinsdelima-letras-claras-horizontal.png\",\"width\":1315,\"height\":217,\"caption\":\"Martinsdelima\"},\"image\":{\"@id\":\"https:\/\/www.martinsdelima.com\/fr\/#\/schema\/logo\/image\/\"}}]}<\/script>\n<!-- \/ Yoast SEO plugin. -->","yoast_head_json":{"title":"Plan de restructuration de l\u2019emploi pour raisons \u00e9conomiques, de production ou d\u2019organisation - Martinsdelima","robots":{"index":"index","follow":"follow","max-snippet":"max-snippet:-1","max-image-preview":"max-image-preview:large","max-video-preview":"max-video-preview:-1"},"canonical":"https:\/\/www.martinsdelima.com\/fr\/plan-de-restructuration-de-lemploi-pour-raisons-economiques-de-production-ou-dorganisation\/","og_locale":"fr_FR","og_type":"article","og_title":"Plan de restructuration de l\u2019emploi pour raisons \u00e9conomiques, de production ou d\u2019organisation - Martinsdelima","og_description":"Droit du travail Proc\u00e9dure de licenciement collectif pour causes \u00e9conomiques, productives ou organisationnelles Une multinationale espagnole souhaitait optimiser la structure de l\u2019emploi de l\u2019une de ses usines les plus importantes. Il a \u00e9t\u00e9 d\u00e9cid\u00e9 d\u2019\u00e9tudier la possibilit\u00e9 de r\u00e9aliser un plan de restructuration de l\u2019emploi pour raisons \u00e9conomiques, de production [&hellip;]","og_url":"https:\/\/www.martinsdelima.com\/fr\/plan-de-restructuration-de-lemploi-pour-raisons-economiques-de-production-ou-dorganisation\/","og_site_name":"Martinsdelima","article_modified_time":"2026-02-08T20:03:44+00:00","og_image":[{"width":400,"height":400,"url":"https:\/\/mligy6wbr5rs.i.optimole.com\/w:auto\/h:auto\/q:mauto\/f:best\/https:\/\/www.martinsdelima.com\/wp-content\/uploads\/2022\/10\/Jimenez-e1762285992880.jpg","type":"image\/jpeg"}],"twitter_card":"summary_large_image","twitter_misc":{"Dur\u00e9e de lecture estim\u00e9e":"1 minute"},"schema":{"@context":"https:\/\/schema.org","@graph":[{"@type":"WebPage","@id":"https:\/\/www.martinsdelima.com\/fr\/plan-de-restructuration-de-lemploi-pour-raisons-economiques-de-production-ou-dorganisation\/","url":"https:\/\/www.martinsdelima.com\/fr\/plan-de-restructuration-de-lemploi-pour-raisons-economiques-de-production-ou-dorganisation\/","name":"Plan de restructuration de l\u2019emploi pour raisons \u00e9conomiques, de production ou d\u2019organisation - Martinsdelima","isPartOf":{"@id":"https:\/\/www.martinsdelima.com\/fr\/#website"},"primaryImageOfPage":{"@id":"https:\/\/www.martinsdelima.com\/fr\/plan-de-restructuration-de-lemploi-pour-raisons-economiques-de-production-ou-dorganisation\/#primaryimage"},"image":{"@id":"https:\/\/www.martinsdelima.com\/fr\/plan-de-restructuration-de-lemploi-pour-raisons-economiques-de-production-ou-dorganisation\/#primaryimage"},"thumbnailUrl":"https:\/\/mligy6wbr5rs.i.optimole.com\/w:auto\/h:auto\/q:mauto\/f:best\/https:\/\/www.martinsdelima.com\/wp-content\/uploads\/2022\/10\/Jimenez-e1762285992880.jpg","datePublished":"2022-12-21T11:08:24+00:00","dateModified":"2026-02-08T20:03:44+00:00","breadcrumb":{"@id":"https:\/\/www.martinsdelima.com\/fr\/plan-de-restructuration-de-lemploi-pour-raisons-economiques-de-production-ou-dorganisation\/#breadcrumb"},"inLanguage":"fr-FR","potentialAction":[{"@type":"ReadAction","target":["https:\/\/www.martinsdelima.com\/fr\/plan-de-restructuration-de-lemploi-pour-raisons-economiques-de-production-ou-dorganisation\/"]}]},{"@type":"ImageObject","inLanguage":"fr-FR","@id":"https:\/\/www.martinsdelima.com\/fr\/plan-de-restructuration-de-lemploi-pour-raisons-economiques-de-production-ou-dorganisation\/#primaryimage","url":"https:\/\/mligy6wbr5rs.i.optimole.com\/w:auto\/h:auto\/q:mauto\/f:best\/https:\/\/www.martinsdelima.com\/wp-content\/uploads\/2022\/10\/Jimenez-e1762285992880.jpg","contentUrl":"https:\/\/mligy6wbr5rs.i.optimole.com\/w:auto\/h:auto\/q:mauto\/f:best\/https:\/\/www.martinsdelima.com\/wp-content\/uploads\/2022\/10\/Jimenez-e1762285992880.jpg"},{"@type":"BreadcrumbList","@id":"https:\/\/www.martinsdelima.com\/fr\/plan-de-restructuration-de-lemploi-pour-raisons-economiques-de-production-ou-dorganisation\/#breadcrumb","itemListElement":[{"@type":"ListItem","position":1,"name":"Page d'accueil","item":"https:\/\/www.martinsdelima.com\/fr\/accueil\/"},{"@type":"ListItem","position":2,"name":"Plan de restructuration de l\u2019emploi pour raisons \u00e9conomiques, de production ou d\u2019organisation"}]},{"@type":"WebSite","@id":"https:\/\/www.martinsdelima.com\/fr\/#website","url":"https:\/\/www.martinsdelima.com\/fr\/","name":"Martinsdelima","description":"Forensic&amp;Finance","publisher":{"@id":"https:\/\/www.martinsdelima.com\/fr\/#organization"},"potentialAction":[{"@type":"SearchAction","target":{"@type":"EntryPoint","urlTemplate":"https:\/\/www.martinsdelima.com\/fr\/?s={search_term_string}"},"query-input":{"@type":"PropertyValueSpecification","valueRequired":true,"valueName":"search_term_string"}}],"inLanguage":"fr-FR"},{"@type":"Organization","@id":"https:\/\/www.martinsdelima.com\/fr\/#organization","name":"Martinsdelima","url":"https:\/\/www.martinsdelima.com\/fr\/","logo":{"@type":"ImageObject","inLanguage":"fr-FR","@id":"https:\/\/www.martinsdelima.com\/fr\/#\/schema\/logo\/image\/","url":"https:\/\/mligy6wbr5rs.i.optimole.com\/w:auto\/h:auto\/q:mauto\/f:best\/https:\/\/www.martinsdelima.com\/wp-content\/uploads\/2025\/10\/martinsdelima-letras-claras-horizontal.png","contentUrl":"https:\/\/mligy6wbr5rs.i.optimole.com\/w:auto\/h:auto\/q:mauto\/f:best\/https:\/\/www.martinsdelima.com\/wp-content\/uploads\/2025\/10\/martinsdelima-letras-claras-horizontal.png","width":1315,"height":217,"caption":"Martinsdelima"},"image":{"@id":"https:\/\/www.martinsdelima.com\/fr\/#\/schema\/logo\/image\/"}}]}},"_links":{"self":[{"href":"https:\/\/www.martinsdelima.com\/fr\/wp-json\/wp\/v2\/pages\/11168","targetHints":{"allow":["GET"]}}],"collection":[{"href":"https:\/\/www.martinsdelima.com\/fr\/wp-json\/wp\/v2\/pages"}],"about":[{"href":"https:\/\/www.martinsdelima.com\/fr\/wp-json\/wp\/v2\/types\/page"}],"author":[{"embeddable":true,"href":"https:\/\/www.martinsdelima.com\/fr\/wp-json\/wp\/v2\/users\/1"}],"replies":[{"embeddable":true,"href":"https:\/\/www.martinsdelima.com\/fr\/wp-json\/wp\/v2\/comments?post=11168"}],"version-history":[{"count":1,"href":"https:\/\/www.martinsdelima.com\/fr\/wp-json\/wp\/v2\/pages\/11168\/revisions"}],"predecessor-version":[{"id":11171,"href":"https:\/\/www.martinsdelima.com\/fr\/wp-json\/wp\/v2\/pages\/11168\/revisions\/11171"}],"wp:attachment":[{"href":"https:\/\/www.martinsdelima.com\/fr\/wp-json\/wp\/v2\/media?parent=11168"}],"curies":[{"name":"wp","href":"https:\/\/api.w.org\/{rel}","templated":true}]}}